{"id":3222,"date":"2023-02-07T16:36:44","date_gmt":"2023-02-07T15:36:44","guid":{"rendered":"https:\/\/staging.tonellism.com\/etichettatura-ambientale-degli-imballaggi\/"},"modified":"2024-06-24T13:45:02","modified_gmt":"2024-06-24T12:45:02","slug":"etiquetage-environnemental-des-emballages","status":"publish","type":"page","link":"https:\/\/www.tonellism.com\/fr\/etiquetage-environnemental-des-emballages\/","title":{"rendered":"\u00c9tiquetage environnemental des emballages"},"content":{"rendered":"\t\t<div data-elementor-type=\"wp-page\" data-elementor-id=\"3222\" class=\"elementor elementor-3222 elementor-3089\" data-elementor-post-type=\"page\">\n\t\t\t\t<div class=\"elementor-element elementor-element-d971fc7 e-flex e-con-boxed e-con e-parent\" data-id=\"d971fc7\" data-element_type=\"container\" data-e-type=\"container\" data-settings=\"{&quot;background_background&quot;:&quot;classic&quot;}\">\n\t\t\t\t\t<div class=\"e-con-inner\">\n\t\t<div class=\"elementor-element elementor-element-584e453 e-flex e-con-boxed e-con e-child\" data-id=\"584e453\" data-element_type=\"container\" data-e-type=\"container\" data-settings=\"{&quot;background_background&quot;:&quot;classic&quot;}\">\n\t\t\t\t\t<div class=\"e-con-inner\">\n\t\t\t\t<div class=\"elementor-element elementor-element-5fea53b elementor-widget elementor-widget-image\" data-id=\"5fea53b\" data-element_type=\"widget\" data-e-type=\"widget\" data-widget_type=\"image.default\">\n\t\t\t\t<div class=\"elementor-widget-container\">\n\t\t\t\t\t\t\t\t\t\t\t\t\t\t\t<img decoding=\"async\" width=\"44\" height=\"44\" src=\"https:\/\/www.tonellism.com\/wp-content\/uploads\/2024\/05\/leaf-green.png\" class=\"attachment-large size-large wp-image-4148\" alt=\"\" \/>\t\t\t\t\t\t\t\t\t\t\t\t\t\t\t<\/div>\n\t\t\t\t<\/div>\n\t\t\t\t<div class=\"elementor-element elementor-element-f7c535e elementor-widget elementor-widget-heading\" data-id=\"f7c535e\" data-element_type=\"widget\" data-e-type=\"widget\" data-widget_type=\"heading.default\">\n\t\t\t\t<div class=\"elementor-widget-container\">\n\t\t\t\t\t<p class=\"elementor-heading-title elementor-size-default\">EMBALLAGE \u00c9TIQUETAGE\n\n<\/p>\t\t\t\t<\/div>\n\t\t\t\t<\/div>\n\t\t\t\t<div class=\"elementor-element elementor-element-42d043d elementor-widget__width-initial elementor-widget-tablet__width-inherit elementor-widget elementor-widget-text-editor\" data-id=\"42d043d\" data-element_type=\"widget\" data-e-type=\"widget\" data-widget_type=\"text-editor.default\">\n\t\t\t\t<div class=\"elementor-widget-container\">\n\t\t\t\t\t\t\t\t\tLe Groupe Tonelli suit les r\u00e9centes r\u00e9glementations en mati\u00e8re d&rsquo;\u00e9tiquetage environnemental des emballages.\n\n\t\t\t\t\t\t\t\t<\/div>\n\t\t\t\t<\/div>\n\t\t\t\t\t<\/div>\n\t\t\t\t<\/div>\n\t\t\t\t\t<\/div>\n\t\t\t\t<\/div>\n\t\t<div class=\"elementor-element elementor-element-03144af e-flex e-con-boxed e-con e-parent\" data-id=\"03144af\" data-element_type=\"container\" data-e-type=\"container\">\n\t\t\t\t\t<div class=\"e-con-inner\">\n\t\t<div class=\"elementor-element elementor-element-9c7f50f e-con-full e-flex e-con e-child\" data-id=\"9c7f50f\" data-element_type=\"container\" data-e-type=\"container\">\n\t\t\t\t<div class=\"elementor-element elementor-element-dce1be8 green elementor-widget__width-initial elementor-widget-tablet__width-inherit elementor-widget-mobile__width-inherit elementor-widget elementor-widget-heading\" data-id=\"dce1be8\" data-element_type=\"widget\" data-e-type=\"widget\" data-widget_type=\"heading.default\">\n\t\t\t\t<div class=\"elementor-widget-container\">\n\t\t\t\t\t<h3 class=\"elementor-heading-title elementor-size-default\">R\u00e9glementations et lignes directrices <u>sur l'\u00e9tiquetage environnemental des emballages<\/u><\/h3>\t\t\t\t<\/div>\n\t\t\t\t<\/div>\n\t\t\t\t<div class=\"elementor-element elementor-element-390326f elementor-widget elementor-widget-text-editor\" data-id=\"390326f\" data-element_type=\"widget\" data-e-type=\"widget\" data-widget_type=\"text-editor.default\">\n\t\t\t\t<div class=\"elementor-widget-container\">\n\t\t\t\t\t\t\t\t\t<p>Les r\u00e9glementations comprennent le d\u00e9cret l\u00e9gislatif du 3 septembre 2020 n. 116, qui transpose la directive UE 2018\/851 sur les d\u00e9chets, et la directive (UE) 2018\/852 relative aux emballages et aux d\u00e9chets d&#8217;emballages.<br \/>Il est pr\u00e9vu que sur tous les emballages primaires, secondaires et tertiaires, les producteurs doivent indiquer, aux fins de l&rsquo;identification et de la classification de l&#8217;emballage, la nature des mat\u00e9riaux d&#8217;emballage utilis\u00e9s, sur la base de la d\u00e9cision 97\/129\/CE de la Commission.<br \/>Le 21 novembre 2022, le d\u00e9cret minist\u00e9riel n. 360 du 28 septembre 2022 a \u00e9t\u00e9 publi\u00e9, adoptant les lignes directrices sur l&rsquo;\u00e9tiquetage environnemental des emballages par les responsables.<br \/>Pour une simplification accrue, les emballages sont regroup\u00e9s par cat\u00e9gories homog\u00e8nes et d\u00e9crits avec une image ou une description g\u00e9n\u00e9rale (par ex. palettes, sangles, films\u2026), en plus d&rsquo;\u00eatre accompagn\u00e9s de la codification du mat\u00e9riau (selon la d\u00e9cision 97\/129\/CE).<\/p>\n\t\t\t\t\t\t\t\t<\/div>\n\t\t\t\t<\/div>\n\t\t\t\t<\/div>\n\t\t<div class=\"elementor-element elementor-element-d48a496 e-con-full e-flex e-con e-child\" data-id=\"d48a496\" data-element_type=\"container\" data-e-type=\"container\">\n\t\t\t\t<div class=\"elementor-element elementor-element-54a01bb elementor-widget elementor-widget-image\" data-id=\"54a01bb\" data-element_type=\"widget\" data-e-type=\"widget\" data-widget_type=\"image.default\">\n\t\t\t\t<div class=\"elementor-widget-container\">\n\t\t\t\t\t\t\t\t\t\t\t\t\t\t\t<img fetchpriority=\"high\" decoding=\"async\" width=\"1000\" height=\"573\" src=\"https:\/\/www.tonellism.com\/wp-content\/uploads\/2024\/05\/tonelli-cutomer-2.jpg\" class=\"attachment-full size-full wp-image-4793\" alt=\"\" srcset=\"https:\/\/www.tonellism.com\/wp-content\/uploads\/2024\/05\/tonelli-cutomer-2.jpg 1000w, https:\/\/www.tonellism.com\/wp-content\/uploads\/2024\/05\/tonelli-cutomer-2-300x172.jpg 300w, https:\/\/www.tonellism.com\/wp-content\/uploads\/2024\/05\/tonelli-cutomer-2-768x440.jpg 768w\" sizes=\"(max-width: 1000px) 100vw, 1000px\" \/>\t\t\t\t\t\t\t\t\t\t\t\t\t\t\t<\/div>\n\t\t\t\t<\/div>\n\t\t\t\t<\/div>\n\t\t\t\t\t<\/div>\n\t\t\t\t<\/div>\n\t\t<div class=\"elementor-element elementor-element-085142f e-flex e-con-boxed e-con e-parent\" data-id=\"085142f\" data-element_type=\"container\" data-e-type=\"container\" data-settings=\"{&quot;background_background&quot;:&quot;classic&quot;}\">\n\t\t\t\t\t<div class=\"e-con-inner\">\n\t\t<div class=\"elementor-element elementor-element-4ac1641 e-flex e-con-boxed e-con e-child\" data-id=\"4ac1641\" data-element_type=\"container\" data-e-type=\"container\" data-settings=\"{&quot;background_background&quot;:&quot;classic&quot;}\">\n\t\t\t\t\t<div class=\"e-con-inner\">\n\t\t\t\t<div class=\"elementor-element elementor-element-8a36e08 elementor-widget elementor-widget-heading\" data-id=\"8a36e08\" data-element_type=\"widget\" data-e-type=\"widget\" data-widget_type=\"heading.default\">\n\t\t\t\t<div class=\"elementor-widget-container\">\n\t\t\t\t\t<p class=\"elementor-heading-title elementor-size-default\">EMBALLAGE \u00c9TIQUETAGE\n\n<\/p>\t\t\t\t<\/div>\n\t\t\t\t<\/div>\n\t\t\t\t<div class=\"elementor-element elementor-element-1e81dc2 elementor-widget__width-initial elementor-widget-tablet__width-inherit elementor-widget elementor-widget-text-editor\" data-id=\"1e81dc2\" data-element_type=\"widget\" data-e-type=\"widget\" data-widget_type=\"text-editor.default\">\n\t\t\t\t<div class=\"elementor-widget-container\">\n\t\t\t\t\t\t\t\t\t<p>Pour toute information ou besoin d&rsquo;assistance, veuillez vous r\u00e9f\u00e9rer \u00e0 votre contact commercial. Nous mettons \u00e0 disposition sur cette page le guide des emballages utilis\u00e9s par les entreprises du groupe Tonelli S.p.A., avec les codes utiles pour le bon recyclage.<\/p>\n\t\t\t\t\t\t\t\t<\/div>\n\t\t\t\t<\/div>\n\t\t\t\t<div class=\"elementor-element elementor-element-d920a44 elementor-widget elementor-widget-button\" data-id=\"d920a44\" data-element_type=\"widget\" data-e-type=\"widget\" data-widget_type=\"button.default\">\n\t\t\t\t<div class=\"elementor-widget-container\">\n\t\t\t\t\t\t\t\t\t<div class=\"elementor-button-wrapper\">\n\t\t\t\t\t<a class=\"elementor-button elementor-button-link elementor-size-sm\" href=\"\/wp-content\/uploads\/2023\/02\/Etichettatura_ambientale_imballaggi_v1.4.pdf\" target=\"_blank\">\n\t\t\t\t\t\t<span class=\"elementor-button-content-wrapper\">\n\t\t\t\t\t\t<span class=\"elementor-button-icon\">\n\t\t\t\t<svg xmlns=\"http:\/\/www.w3.org\/2000\/svg\" width=\"24\" height=\"24\" viewBox=\"0 0 24 24\" fill=\"none\"><path d=\"M21 15V19C21 19.5304 20.7893 20.0391 20.4142 20.4142C20.0391 20.7893 19.5304 21 19 21H5C4.46957 21 3.96086 20.7893 3.58579 20.4142C3.21071 20.0391 3 19.5304 3 19V15\" stroke=\"white\" stroke-width=\"2\" stroke-linecap=\"round\" stroke-linejoin=\"round\"><\/path><path d=\"M7 10L12 15L17 10\" stroke=\"white\" stroke-width=\"2\" stroke-linecap=\"round\" stroke-linejoin=\"round\"><\/path><path d=\"M12 15V3\" stroke=\"white\" stroke-width=\"2\" stroke-linecap=\"round\" stroke-linejoin=\"round\"><\/path><\/svg>\t\t\t<\/span>\n\t\t\t\t\t\t\t\t\t<span class=\"elementor-button-text\">T\u00e9l\u00e9charger l'\u00e9tiquetage environnemental pour les emballages<\/span>\n\t\t\t\t\t<\/span>\n\t\t\t\t\t<\/a>\n\t\t\t\t<\/div>\n\t\t\t\t\t\t\t\t<\/div>\n\t\t\t\t<\/div>\n\t\t\t\t\t<\/div>\n\t\t\t\t<\/div>\n\t\t\t\t\t<\/div>\n\t\t\t\t<\/div>\n\t\t\t\t<\/div>\n\t\t","protected":false},"excerpt":{"rendered":"<p>EMBALLAGE \u00c9TIQUETAGE Le Groupe Tonelli suit les r\u00e9centes r\u00e9glementations en mati\u00e8re d&rsquo;\u00e9tiquetage environnemental des emballages. R\u00e9glementations et lignes directrices sur l&rsquo;\u00e9tiquetage environnemental des emballages Les r\u00e9glementations comprennent le d\u00e9cret l\u00e9gislatif du 3 septembre 2020 n. 116, qui transpose la directive UE 2018\/851 sur les d\u00e9chets, et la directive (UE) 2018\/852 relative aux emballages et aux [&hellip;]<\/p>\n","protected":false},"author":5,"featured_media":3210,"parent":0,"menu_order":0,"comment_status":"closed","ping_status":"closed","template":"","meta":{"footnotes":""},"class_list":["post-3222","page","type-page","status-publish","has-post-thumbnail","hentry"],"yoast_head":"<!-- This site is optimized with the Yoast SEO plugin v28.1 - https:\/\/yoast.com\/product\/yoast-seo-wordpress\/ -->\n<title>\u00c9tiquetage environnemental des emballages Tonelli SpA<\/title>\n<meta name=\"description\" content=\"Sur cette page, vous pouvez t\u00e9l\u00e9charger l&#039;\u00e9tiquetage environnemental des emballages des soci\u00e9t\u00e9s du groupe Tonelli S.p.a.\" \/>\n<meta name=\"robots\" content=\"index, follow, max-snippet:-1, max-image-preview:large, max-video-preview:-1\" \/>\n<link rel=\"canonical\" href=\"https:\/\/www.tonellism.com\/fr\/etiquetage-environnemental-des-emballages\/\" \/>\n<meta property=\"og:locale\" content=\"fr_FR\" \/>\n<meta property=\"og:type\" content=\"article\" \/>\n<meta property=\"og:title\" content=\"\u00c9tiquetage environnemental des emballages Tonelli SpA\" \/>\n<meta property=\"og:description\" content=\"Sur cette page, vous pouvez t\u00e9l\u00e9charger l&#039;\u00e9tiquetage environnemental des emballages des soci\u00e9t\u00e9s du groupe Tonelli S.p.a.\" \/>\n<meta property=\"og:url\" content=\"https:\/\/www.tonellism.com\/fr\/etiquetage-environnemental-des-emballages\/\" \/>\n<meta property=\"og:site_name\" content=\"Tonelli Spa\" \/>\n<meta property=\"article:modified_time\" content=\"2024-06-24T12:45:02+00:00\" \/>\n<meta property=\"og:image\" content=\"http:\/\/tonellism.com\/wp-content\/uploads\/2018\/02\/tonelli-cutomer-2.jpg\" \/>\n<meta name=\"twitter:card\" content=\"summary_large_image\" \/>\n<meta name=\"twitter:label1\" content=\"Dur\u00e9e de lecture estim\u00e9e\" \/>\n\t<meta name=\"twitter:data1\" content=\"2 minutes\" \/>\n<script type=\"application\/ld+json\" class=\"yoast-schema-graph\">{\"@context\":\"https:\\\/\\\/schema.org\",\"@graph\":[{\"@type\":\"WebPage\",\"@id\":\"https:\\\/\\\/www.tonellism.com\\\/fr\\\/etiquetage-environnemental-des-emballages\\\/\",\"url\":\"https:\\\/\\\/www.tonellism.com\\\/fr\\\/etiquetage-environnemental-des-emballages\\\/\",\"name\":\"\u00c9tiquetage environnemental des emballages Tonelli SpA\",\"isPartOf\":{\"@id\":\"https:\\\/\\\/www.tonellism.com\\\/#website\"},\"primaryImageOfPage\":{\"@id\":\"https:\\\/\\\/www.tonellism.com\\\/fr\\\/etiquetage-environnemental-des-emballages\\\/#primaryimage\"},\"image\":{\"@id\":\"https:\\\/\\\/www.tonellism.com\\\/fr\\\/etiquetage-environnemental-des-emballages\\\/#primaryimage\"},\"thumbnailUrl\":\"https:\\\/\\\/www.tonellism.com\\\/wp-content\\\/uploads\\\/2018\\\/02\\\/tonelli-cutomer-2.jpg\",\"datePublished\":\"2023-02-07T15:36:44+00:00\",\"dateModified\":\"2024-06-24T12:45:02+00:00\",\"description\":\"Sur cette page, vous pouvez t\u00e9l\u00e9charger l'\u00e9tiquetage environnemental des emballages des soci\u00e9t\u00e9s du groupe Tonelli S.p.a.\",\"breadcrumb\":{\"@id\":\"https:\\\/\\\/www.tonellism.com\\\/fr\\\/etiquetage-environnemental-des-emballages\\\/#breadcrumb\"},\"inLanguage\":\"fr-FR\",\"potentialAction\":[{\"@type\":\"ReadAction\",\"target\":[\"https:\\\/\\\/www.tonellism.com\\\/fr\\\/etiquetage-environnemental-des-emballages\\\/\"]}]},{\"@type\":\"ImageObject\",\"inLanguage\":\"fr-FR\",\"@id\":\"https:\\\/\\\/www.tonellism.com\\\/fr\\\/etiquetage-environnemental-des-emballages\\\/#primaryimage\",\"url\":\"https:\\\/\\\/www.tonellism.com\\\/wp-content\\\/uploads\\\/2018\\\/02\\\/tonelli-cutomer-2.jpg\",\"contentUrl\":\"https:\\\/\\\/www.tonellism.com\\\/wp-content\\\/uploads\\\/2018\\\/02\\\/tonelli-cutomer-2.jpg\",\"width\":1000,\"height\":573,\"caption\":\"tonelli servizio clienti\"},{\"@type\":\"BreadcrumbList\",\"@id\":\"https:\\\/\\\/www.tonellism.com\\\/fr\\\/etiquetage-environnemental-des-emballages\\\/#breadcrumb\",\"itemListElement\":[{\"@type\":\"ListItem\",\"position\":1,\"name\":\"Home\",\"item\":\"https:\\\/\\\/www.tonellism.com\\\/fr\\\/home-2-2\\\/\"},{\"@type\":\"ListItem\",\"position\":2,\"name\":\"\u00c9tiquetage environnemental des emballages\"}]},{\"@type\":\"WebSite\",\"@id\":\"https:\\\/\\\/www.tonellism.com\\\/#website\",\"url\":\"https:\\\/\\\/www.tonellism.com\\\/\",\"name\":\"Tonelli Spa\",\"description\":\"Commercio legnami e produzione pannelli a nido d&#039;ape\",\"publisher\":{\"@id\":\"https:\\\/\\\/www.tonellism.com\\\/#organization\"},\"potentialAction\":[{\"@type\":\"SearchAction\",\"target\":{\"@type\":\"EntryPoint\",\"urlTemplate\":\"https:\\\/\\\/www.tonellism.com\\\/?s={search_term_string}\"},\"query-input\":{\"@type\":\"PropertyValueSpecification\",\"valueRequired\":true,\"valueName\":\"search_term_string\"}}],\"inLanguage\":\"fr-FR\"},{\"@type\":\"Organization\",\"@id\":\"https:\\\/\\\/www.tonellism.com\\\/#organization\",\"name\":\"Tonelli S.p.A\",\"url\":\"https:\\\/\\\/www.tonellism.com\\\/\",\"logo\":{\"@type\":\"ImageObject\",\"inLanguage\":\"fr-FR\",\"@id\":\"https:\\\/\\\/www.tonellism.com\\\/#\\\/schema\\\/logo\\\/image\\\/\",\"url\":\"https:\\\/\\\/tonellism.com\\\/2018\\\/wp-content\\\/uploads\\\/2018\\\/02\\\/logo-Tonelli.png\",\"contentUrl\":\"https:\\\/\\\/tonellism.com\\\/2018\\\/wp-content\\\/uploads\\\/2018\\\/02\\\/logo-Tonelli.png\",\"width\":748,\"height\":195,\"caption\":\"Tonelli S.p.A\"},\"image\":{\"@id\":\"https:\\\/\\\/www.tonellism.com\\\/#\\\/schema\\\/logo\\\/image\\\/\"}}]}<\/script>\n<!-- \/ Yoast SEO plugin. -->","yoast_head_json":{"title":"\u00c9tiquetage environnemental des emballages Tonelli SpA","description":"Sur cette page, vous pouvez t\u00e9l\u00e9charger l'\u00e9tiquetage environnemental des emballages des soci\u00e9t\u00e9s du groupe Tonelli S.p.a.","robots":{"index":"index","follow":"follow","max-snippet":"max-snippet:-1","max-image-preview":"max-image-preview:large","max-video-preview":"max-video-preview:-1"},"canonical":"https:\/\/www.tonellism.com\/fr\/etiquetage-environnemental-des-emballages\/","og_locale":"fr_FR","og_type":"article","og_title":"\u00c9tiquetage environnemental des emballages Tonelli SpA","og_description":"Sur cette page, vous pouvez t\u00e9l\u00e9charger l'\u00e9tiquetage environnemental des emballages des soci\u00e9t\u00e9s du groupe Tonelli S.p.a.","og_url":"https:\/\/www.tonellism.com\/fr\/etiquetage-environnemental-des-emballages\/","og_site_name":"Tonelli Spa","article_modified_time":"2024-06-24T12:45:02+00:00","og_image":[{"url":"http:\/\/tonellism.com\/wp-content\/uploads\/2018\/02\/tonelli-cutomer-2.jpg","type":"","width":"","height":""}],"twitter_card":"summary_large_image","twitter_misc":{"Dur\u00e9e de lecture estim\u00e9e":"2 minutes"},"schema":{"@context":"https:\/\/schema.org","@graph":[{"@type":"WebPage","@id":"https:\/\/www.tonellism.com\/fr\/etiquetage-environnemental-des-emballages\/","url":"https:\/\/www.tonellism.com\/fr\/etiquetage-environnemental-des-emballages\/","name":"\u00c9tiquetage environnemental des emballages Tonelli SpA","isPartOf":{"@id":"https:\/\/www.tonellism.com\/#website"},"primaryImageOfPage":{"@id":"https:\/\/www.tonellism.com\/fr\/etiquetage-environnemental-des-emballages\/#primaryimage"},"image":{"@id":"https:\/\/www.tonellism.com\/fr\/etiquetage-environnemental-des-emballages\/#primaryimage"},"thumbnailUrl":"https:\/\/www.tonellism.com\/wp-content\/uploads\/2018\/02\/tonelli-cutomer-2.jpg","datePublished":"2023-02-07T15:36:44+00:00","dateModified":"2024-06-24T12:45:02+00:00","description":"Sur cette page, vous pouvez t\u00e9l\u00e9charger l'\u00e9tiquetage environnemental des emballages des soci\u00e9t\u00e9s du groupe Tonelli S.p.a.","breadcrumb":{"@id":"https:\/\/www.tonellism.com\/fr\/etiquetage-environnemental-des-emballages\/#breadcrumb"},"inLanguage":"fr-FR","potentialAction":[{"@type":"ReadAction","target":["https:\/\/www.tonellism.com\/fr\/etiquetage-environnemental-des-emballages\/"]}]},{"@type":"ImageObject","inLanguage":"fr-FR","@id":"https:\/\/www.tonellism.com\/fr\/etiquetage-environnemental-des-emballages\/#primaryimage","url":"https:\/\/www.tonellism.com\/wp-content\/uploads\/2018\/02\/tonelli-cutomer-2.jpg","contentUrl":"https:\/\/www.tonellism.com\/wp-content\/uploads\/2018\/02\/tonelli-cutomer-2.jpg","width":1000,"height":573,"caption":"tonelli servizio clienti"},{"@type":"BreadcrumbList","@id":"https:\/\/www.tonellism.com\/fr\/etiquetage-environnemental-des-emballages\/#breadcrumb","itemListElement":[{"@type":"ListItem","position":1,"name":"Home","item":"https:\/\/www.tonellism.com\/fr\/home-2-2\/"},{"@type":"ListItem","position":2,"name":"\u00c9tiquetage environnemental des emballages"}]},{"@type":"WebSite","@id":"https:\/\/www.tonellism.com\/#website","url":"https:\/\/www.tonellism.com\/","name":"Tonelli Spa","description":"Commercio legnami e produzione pannelli a nido d&#039;ape","publisher":{"@id":"https:\/\/www.tonellism.com\/#organization"},"potentialAction":[{"@type":"SearchAction","target":{"@type":"EntryPoint","urlTemplate":"https:\/\/www.tonellism.com\/?s={search_term_string}"},"query-input":{"@type":"PropertyValueSpecification","valueRequired":true,"valueName":"search_term_string"}}],"inLanguage":"fr-FR"},{"@type":"Organization","@id":"https:\/\/www.tonellism.com\/#organization","name":"Tonelli S.p.A","url":"https:\/\/www.tonellism.com\/","logo":{"@type":"ImageObject","inLanguage":"fr-FR","@id":"https:\/\/www.tonellism.com\/#\/schema\/logo\/image\/","url":"https:\/\/tonellism.com\/2018\/wp-content\/uploads\/2018\/02\/logo-Tonelli.png","contentUrl":"https:\/\/tonellism.com\/2018\/wp-content\/uploads\/2018\/02\/logo-Tonelli.png","width":748,"height":195,"caption":"Tonelli S.p.A"},"image":{"@id":"https:\/\/www.tonellism.com\/#\/schema\/logo\/image\/"}}]}},"_links":{"self":[{"href":"https:\/\/www.tonellism.com\/fr\/wp-json\/wp\/v2\/pages\/3222","targetHints":{"allow":["GET"]}}],"collection":[{"href":"https:\/\/www.tonellism.com\/fr\/wp-json\/wp\/v2\/pages"}],"about":[{"href":"https:\/\/www.tonellism.com\/fr\/wp-json\/wp\/v2\/types\/page"}],"author":[{"embeddable":true,"href":"https:\/\/www.tonellism.com\/fr\/wp-json\/wp\/v2\/users\/5"}],"replies":[{"embeddable":true,"href":"https:\/\/www.tonellism.com\/fr\/wp-json\/wp\/v2\/comments?post=3222"}],"version-history":[{"count":0,"href":"https:\/\/www.tonellism.com\/fr\/wp-json\/wp\/v2\/pages\/3222\/revisions"}],"wp:featuredmedia":[{"embeddable":true,"href":"https:\/\/www.tonellism.com\/fr\/wp-json\/wp\/v2\/media\/3210"}],"wp:attachment":[{"href":"https:\/\/www.tonellism.com\/fr\/wp-json\/wp\/v2\/media?parent=3222"}],"curies":[{"name":"wp","href":"https:\/\/api.w.org\/{rel}","templated":true}]}}